{"id":68,"date":"2020-03-12T08:05:02","date_gmt":"2020-03-12T08:05:02","guid":{"rendered":"https:\/\/advaloremadvocats.cat\/?page_id=68"},"modified":"2025-05-15T12:14:27","modified_gmt":"2025-05-15T10:14:27","slug":"quienes-somos","status":"publish","type":"page","link":"https:\/\/www.advaloremadvocats.cat\/es\/quienes-somos\/","title":{"rendered":"Quienes somos"},"content":{"rendered":"<p>[et_pb_section fb_built=\u00bb1&#8243; fullwidth=\u00bbon\u00bb module_id=\u00bbheader-title\u00bb _builder_version=\u00bb4.4.3&#8243;][et_pb_fullwidth_header text_orientation=\u00bbcenter\u00bb admin_label=\u00bbT\u00edtulo de anchura completa\u00bb _builder_version=\u00bb4.4.3&#8243; title_font=\u00bbRaleway|200||on|||||\u00bb title_text_align=\u00bbleft\u00bb title_text_color=\u00bb#1e1e1e\u00bb title_font_size=\u00bb50px\u00bb title_line_height=\u00bb1.2em\u00bb background_enable_color=\u00bboff\u00bb background_image=\u00bbhttps:\/\/advaloremadvocats.cat\/wp-content\/uploads\/2020\/04\/Slide4.jpg\u00bb parallax=\u00bbon\u00bb parallax_method=\u00bbon\u00bb]<\/p>\n<h1>Quienes somos<\/h1>\n<p>[\/et_pb_fullwidth_header][\/et_pb_section][et_pb_section fb_built=\u00bb1&#8243; _builder_version=\u00bb4.4.3&#8243; background_color=\u00bb#f3f1f2&#8243;][et_pb_row column_structure=\u00bb2_5,3_5&#8243; make_equal=\u00bbon\u00bb admin_label=\u00bbISABEL MARIA MARTIN SANTOLARIA\u00bb _builder_version=\u00bb4.4.3&#8243;][et_pb_column type=\u00bb2_5&#8243; _builder_version=\u00bb4.4.3&#8243;][et_pb_divider color=\u00bb#d94144&#8243; disabled_on=\u00bbon|on|off\u00bb _builder_version=\u00bb4.4.3&#8243; height=\u00bb0px\u00bb custom_margin=\u00bb10px||0px||false|false\u00bb locked=\u00bboff\u00bb][\/et_pb_divider][et_pb_image src=\u00bbhttps:\/\/www.advaloremadvocats.cat\/wp-content\/uploads\/2025\/05\/1-1.jpg\u00bb title_text=\u00bb1&#8243; align=\u00bbcenter\u00bb _builder_version=\u00bb4.4.7&#8243; width=\u00bb250px\u00bb max_width=\u00bb250px\u00bb hover_enabled=\u00bb0&#8243;][\/et_pb_image][\/et_pb_column][et_pb_column type=\u00bb3_5&#8243; _builder_version=\u00bb4.4.3&#8243; custom_css_main_element=\u00bbalign-self:center;\u00bb][et_pb_text admin_label=\u00bbDescripci\u00f3n\u00bb _builder_version=\u00bb4.4.7&#8243; header_2_font=\u00bbWork Sans|200|||||||\u00bb text_orientation=\u00bbjustified\u00bb]<\/p>\n<h2>ISABEL MARIA MARTIN SANTOLARIA<\/h2>\n<p>Es Abogada en ejercicio desde 1998.<\/p>\n<p>Colegiada en el Iltre. Col.legi d\u2019Advocats de Barcelona n\u00ba 25095 y en el Iltre. Col.legi d\u2019Advocats de Granollers n\u00ba 1529. Es miembro de la Junta de l\u2019Associaci\u00f3 d\u2019Advocats de V\u00edctimes d\u2019accidents de Catalunya (ADAVIAC).\u00a0\u00a0\u00c9s Presidenta de l&#8217;Associaci\u00f3 de Comer\u00e7 i Serveis de Granollers (Granollers Centre-Comer\u00e7 de Dalt)<\/p>\n<p>[\/et_pb_text][\/et_pb_column][\/et_pb_row][et_pb_row column_structure=\u00bb3_5,2_5&#8243; make_equal=\u00bbon\u00bb admin_label=\u00bbMONTSERRAT MONTOZA GRANADOS\u00bb module_class=\u00bbcustom_row\u00bb _builder_version=\u00bb4.4.3&#8243;][et_pb_column type=\u00bb3_5&#8243; module_class=\u00bbsecond-on-mobile\u00bb _builder_version=\u00bb4.4.3&#8243; custom_css_main_element=\u00bbalign-self:center;\u00bb][\/et_pb_column][et_pb_column type=\u00bb2_5&#8243; module_class=\u00bbfirst-on-mobile\u00bb _builder_version=\u00bb4.4.3&#8243;][et_pb_divider color=\u00bb#d94144&#8243; disabled_on=\u00bbon|on|off\u00bb _builder_version=\u00bb4.4.3&#8243; height=\u00bb0px\u00bb custom_margin=\u00bb10px||0px||false|false\u00bb locked=\u00bboff\u00bb][\/et_pb_divider][\/et_pb_column][\/et_pb_row][et_pb_row column_structure=\u00bb2_5,3_5&#8243; make_equal=\u00bbon\u00bb admin_label=\u00bbVANESSA CASAS\u00bb _builder_version=\u00bb4.4.3&#8243;][et_pb_column type=\u00bb2_5&#8243; _builder_version=\u00bb4.4.3&#8243;][et_pb_divider color=\u00bb#d94144&#8243; disabled_on=\u00bbon|on|off\u00bb _builder_version=\u00bb4.4.3&#8243; height=\u00bb0px\u00bb custom_margin=\u00bb10px||0px||false|false\u00bb locked=\u00bboff\u00bb][\/et_pb_divider][et_pb_image src=\u00bbhttps:\/\/www.advaloremadvocats.cat\/wp-content\/uploads\/2025\/05\/2-1.jpg\u00bb title_text=\u00bb2&#8243; align=\u00bbcenter\u00bb _builder_version=\u00bb4.4.7&#8243; width=\u00bb250px\u00bb max_width=\u00bb250px\u00bb hover_enabled=\u00bb0&#8243; admin_label=\u00bbImage\u00bb][\/et_pb_image][\/et_pb_column][et_pb_column type=\u00bb3_5&#8243; _builder_version=\u00bb4.4.3&#8243; custom_css_main_element=\u00bbalign-self:center;\u00bb][et_pb_text admin_label=\u00bbDescripci\u00f3n\u00bb _builder_version=\u00bb4.4.7&#8243; header_2_font=\u00bbWork Sans|200|||||||\u00bb text_orientation=\u00bbjustified\u00bb]<\/p>\n<h2>VANESSA CASAS<\/h2>\n<p>Administraci\u00f3n y atenci\u00f3n al cliente.<\/p>\n<p>[\/et_pb_text][\/et_pb_column][\/et_pb_row][\/et_pb_section][et_pb_section fb_built=\u00bb1&#8243; admin_label=\u00bbColaboramos con:\u00bb _builder_version=\u00bb4.4.3&#8243; background_color=\u00bb#f3f1f2&#8243;][et_pb_row _builder_version=\u00bb3.25&#8243;][et_pb_column type=\u00bb4_4&#8243; _builder_version=\u00bb3.25&#8243; custom_padding=\u00bb|||\u00bb custom_padding__hover=\u00bb|||\u00bb][et_pb_text _builder_version=\u00bb4.4.3&#8243; text_font=\u00bbWork Sans|600|||||||\u00bb text_line_height=\u00bb2em\u00bb header_font=\u00bb||||||||\u00bb header_2_font=\u00bbWork Sans|200|||||||\u00bb header_2_font_size=\u00bb36px\u00bb header_2_line_height=\u00bb1.2em\u00bb header_4_font=\u00bbRaleway|700||on|||||\u00bb header_4_text_color=\u00bb#d94144&#8243; header_4_font_size=\u00bb12px\u00bb header_4_letter_spacing=\u00bb1.5px\u00bb header_4_line_height=\u00bb2em\u00bb custom_margin=\u00bb||40px|||\u00bb header_2_font_size_tablet=\u00bb\u00bb header_2_font_size_phone=\u00bb24px\u00bb header_2_font_size_last_edited=\u00bbon|phone\u00bb border_color_all=\u00bb#f3f1f2&#8243; locked=\u00bboff\u00bb]<\/p>\n<h2 style=\"text-align: center;\">Somos especialistas en valoraci\u00f3n del da\u00f1o corporal<\/h2>\n<p>[\/et_pb_text][et_pb_text _builder_version=\u00bb4.4.7&#8243; text_font=\u00bbWork Sans||||||||\u00bb text_font_size=\u00bb16px\u00bb text_line_height=\u00bb2em\u00bb header_font=\u00bb||||||||\u00bb header_2_font=\u00bbSuranna|||on|||||\u00bb header_2_font_size=\u00bb3vw\u00bb header_2_line_height=\u00bb1.2em\u00bb header_3_font=\u00bbWork Sans|600||on|||||\u00bb header_3_font_size=\u00bb12px\u00bb header_3_letter_spacing=\u00bb1.5px\u00bb header_3_line_height=\u00bb2em\u00bb header_4_font=\u00bbRaleway|700||on|||||\u00bb header_4_text_color=\u00bb#d94144&#8243; header_4_font_size=\u00bb12px\u00bb header_4_letter_spacing=\u00bb1.5px\u00bb header_4_line_height=\u00bb2em\u00bb text_orientation=\u00bbjustified\u00bb border_color_all=\u00bb#f3f1f2&#8243; locked=\u00bboff\u00bb]<\/p>\n<p>En colaboraci\u00f3n con centros de tratamiento m\u00e9dico especializados, as\u00ed como peritos valoradores del da\u00f1o corporal y del da\u00f1o patrimonial, ADVALOREM ADVOCATS<\/strong> asesora a perjudicados tanto durante el tratamiento m\u00e9dico, como tras el alta, para la valoraci\u00f3n \u00edntegra de los da\u00f1os y perjuicios sufridos y de la situaci\u00f3n socio-laboral resultante.<\/p>\n<p> [\/et_pb_text][\/et_pb_column][\/et_pb_row][et_pb_row module_id=\u00bbfila-colaboramos\u00bb _builder_version=\u00bb4.4.5&#8243; positioning=\u00bbnone\u00bb module_alignment=\u00bbcenter\u00bb border_color_all=\u00bbrgba(51,51,51,0.2)\u00bb][et_pb_column type=\u00bb4_4&#8243; _builder_version=\u00bb4.4.5&#8243;][\/et_pb_column][\/et_pb_row][\/et_pb_section][et_pb_section fb_built=\u00bb1&#8243; admin_label=\u00bbHistoria\u00bb _builder_version=\u00bb4.4.3&#8243; background_color=\u00bb#f3f1f2&#8243;][et_pb_row _builder_version=\u00bb4.4.3&#8243;][et_pb_column type=\u00bb4_4&#8243; _builder_version=\u00bb4.4.3&#8243;][et_pb_text _builder_version=\u00bb4.4.7&#8243; text_font=\u00bbWork Sans|600|||||||\u00bb text_line_height=\u00bb2em\u00bb header_font=\u00bb||||||||\u00bb header_2_font=\u00bbWork Sans|200|||||||\u00bb header_2_font_size=\u00bb36px\u00bb header_2_line_height=\u00bb1.2em\u00bb header_4_font=\u00bbRaleway|700||on|||||\u00bb header_4_text_color=\u00bb#d94144&#8243; header_4_font_size=\u00bb12px\u00bb header_4_letter_spacing=\u00bb1.5px\u00bb header_4_line_height=\u00bb2em\u00bb custom_margin=\u00bb||0px\u00bb custom_padding=\u00bb0px||0px||false|false\u00bb header_2_font_size_tablet=\u00bb\u00bb header_2_font_size_phone=\u00bb24px\u00bb header_2_font_size_last_edited=\u00bbon|phone\u00bb border_color_all=\u00bb#f3f1f2&#8243; locked=\u00bboff\u00bb]<\/p>\n<h2 style=\"text-align: center;\">Tenemos m\u00e1s de 25 a\u00f1os de experiencia<\/h2>\n<p>[\/et_pb_text][\/et_pb_column][\/et_pb_row][et_pb_row column_structure=\u00bb1_5,3_5,1_5&#8243; make_equal=\u00bbon\u00bb custom_padding_last_edited=\u00bbon|phone\u00bb _builder_version=\u00bb4.4.3&#8243; custom_padding=\u00bb|30px||30px|false|true\u00bb custom_padding_tablet=\u00bb\u00bb custom_padding_phone=\u00bb|0px||0px|false|true\u00bb border_color_left=\u00bbrgba(37,43,58,0.24)\u00bb border_width_all_tablet=\u00bb\u00bb border_width_all_phone=\u00bb\u00bb border_width_all_last_edited=\u00bbon|desktop\u00bb border_width_left_tablet=\u00bb\u00bb border_width_left_phone=\u00bb0px\u00bb border_width_left_last_edited=\u00bbon|phone\u00bb][et_pb_column type=\u00bb1_5&#8243; _builder_version=\u00bb4.4.3&#8243; border_color_all=\u00bbrgba(37,43,58,0.24)\u00bb border_width_right=\u00bb1px\u00bb border_color_right=\u00bb#db4814&#8243;][\/et_pb_column][et_pb_column type=\u00bb3_5&#8243; _builder_version=\u00bb4.4.3&#8243;][et_pb_text _builder_version=\u00bb4.4.7&#8243; text_font=\u00bbWork Sans||||||||\u00bb text_font_size=\u00bb16px\u00bb text_line_height=\u00bb2em\u00bb header_3_font=\u00bbWork Sans|600||on|||||\u00bb header_3_text_color=\u00bb#db4814&#8243; header_3_font_size=\u00bb12px\u00bb header_3_letter_spacing=\u00bb1.5px\u00bb header_3_line_height=\u00bb2em\u00bb text_orientation=\u00bbjustified\u00bb locked=\u00bboff\u00bb]<\/p>\n<p>La letrada ISABEL MARIA MARTIN SANTOLARIA inaugur\u00f3 su primer despacho denominado MARTIN-MALUENDA en Barcelona en 1998 que ubic\u00f3 en Granollers desde el 2003. A principios del a\u00f1o 2007 se asoci\u00f3 con el equipo profesional de FLORENZA&amp;DURAN ASSESSORS, asesor\u00eda multidisciplinar que, posteriormente, se convirti\u00f3 en ADVISORIA ADVOCATS I ECONOMISTES SLP<\/p>\n<p>[\/et_pb_text][et_pb_text _builder_version=\u00bb4.4.7&#8243; text_font=\u00bbWork Sans||||||||\u00bb text_font_size=\u00bb16px\u00bb text_line_height=\u00bb2em\u00bb header_3_font=\u00bbWork Sans|600||on|||||\u00bb header_3_text_color=\u00bb#db4814&#8243; header_3_font_size=\u00bb12px\u00bb header_3_letter_spacing=\u00bb1.5px\u00bb header_3_line_height=\u00bb2em\u00bb text_orientation=\u00bbjustified\u00bb locked=\u00bboff\u00bb]<\/p>\n<p>Desde Enero de 2020, tras m\u00e1s de 20 a\u00f1os de ejercicio profesional, ejerce nuevamente en despacho propio, especializado en responsabilidad civil, ofreciendo servicios jur\u00eddicos en la reclamaci\u00f3n de da\u00f1os y perjuicios por accidentes de tr\u00e1fico, negligencias m\u00e9dicas, accidentes laborales, adem\u00e1s de otras reclamaciones de responsabilidad civil por administraci\u00f3n desleal, derecho penal econ\u00f3mico o defectos de construcci\u00f3n.<\/p>\n<p>[\/et_pb_text][\/et_pb_column][et_pb_column type=\u00bb1_5&#8243; _builder_version=\u00bb4.4.3&#8243;][\/et_pb_column][\/et_pb_row][\/et_pb_section][et_pb_section fb_built=\u00bb1&#8243; admin_label=\u00bbFooter\u00bb module_id=\u00bbcontacto\u00bb _builder_version=\u00bb4.4.7&#8243; background_color=\u00bb#f3f1f2&#8243; custom_padding=\u00bb4px|||||\u00bb global_module=\u00bb377&#8243; saved_tabs=\u00bball\u00bb locked=\u00bboff\u00bb collapsed=\u00bboff\u00bb][et_pb_row column_structure=\u00bb1_2,1_2&#8243; module_id=\u00bbcontact\u00bb _builder_version=\u00bb4.4.7&#8243; width_tablet=\u00bb\u00bb width_phone=\u00bb95%\u00bb width_last_edited=\u00bbon|phone\u00bb custom_padding=\u00bb||13px|||\u00bb locked=\u00bboff\u00bb][et_pb_column type=\u00bb1_2&#8243; _builder_version=\u00bb3.25&#8243; custom_padding=\u00bb|||\u00bb custom_padding__hover=\u00bb|||\u00bb][et_pb_divider color=\u00bb#d94144&#8243; _builder_version=\u00bb3.21.1&#8243; custom_margin=\u00bb10px|||-1000px\u00bb locked=\u00bboff\u00bb][\/et_pb_divider][et_pb_text _builder_version=\u00bb4.4.5&#8243; text_font=\u00bbWork Sans|600|||||||\u00bb text_line_height=\u00bb2em\u00bb header_font=\u00bb||||||||\u00bb header_2_font=\u00bbWork Sans|200||on|||||\u00bb header_2_font_size=\u00bb3vw\u00bb header_2_line_height=\u00bb1.2em\u00bb header_3_font=\u00bbRaleway|700||on|||||\u00bb header_3_font_size=\u00bb12px\u00bb header_3_letter_spacing=\u00bb1.5px\u00bb header_3_line_height=\u00bb2em\u00bb header_4_font=\u00bb||||||||\u00bb custom_margin=\u00bb||15px|||\u00bb header_2_font_size_tablet=\u00bb5vw\u00bb header_2_font_size_phone=\u00bb24px\u00bb header_2_font_size_last_edited=\u00bbon|phone\u00bb border_color_all=\u00bb#f3f1f2&#8243; locked=\u00bboff\u00bb]<\/p>\n<h2>Contacto<\/h2>\n<p>[\/et_pb_text][\/et_pb_column][et_pb_column type=\u00bb1_2&#8243; _builder_version=\u00bb4.4.3&#8243;][\/et_pb_column][\/et_pb_row][et_pb_row column_structure=\u00bb1_2,1_2&#8243; make_equal=\u00bbon\u00bb custom_padding_last_edited=\u00bbon|phone\u00bb _builder_version=\u00bb4.4.3&#8243; width_tablet=\u00bb\u00bb width_phone=\u00bb95%\u00bb width_last_edited=\u00bbon|phone\u00bb custom_margin=\u00bb-12px|auto||auto||\u00bb custom_padding_tablet=\u00bb\u00bb custom_padding_phone=\u00bb0px||||false|false\u00bb][et_pb_column type=\u00bb1_2&#8243; module_class=\u00bbcontact-info\u00bb _builder_version=\u00bb4.4.3&#8243; custom_padding=\u00bb|||\u00bb custom_css_main_element=\u00bb\/*||display: flex;||flex-direction: column;||margin-top: auto;||margin-bottom: auto;||*\/\u00bb custom_padding__hover=\u00bb|||\u00bb][et_pb_text _builder_version=\u00bb4.4.3&#8243; text_font=\u00bbWork Sans|300|||||||\u00bb text_font_size=\u00bb18px\u00bb text_line_height=\u00bb1.2em\u00bb header_font=\u00bb||||||||\u00bb header_2_font=\u00bbSuranna|||on|||||\u00bb header_2_font_size=\u00bb3vw\u00bb header_2_line_height=\u00bb1.2em\u00bb header_3_font=\u00bbWork Sans|700|||||||\u00bb header_3_text_color=\u00bb#db4814&#8243; header_3_font_size=\u00bb20px\u00bb header_3_letter_spacing=\u00bb1.5px\u00bb header_3_line_height=\u00bb0.3em\u00bb header_4_font=\u00bb||||||||\u00bb min_height=\u00bb58px\u00bb custom_margin=\u00bb3px||2px||false|false\u00bb custom_padding=\u00bb25px||18px||false|false\u00bb header_2_font_size_tablet=\u00bb5vw\u00bb header_2_font_size_phone=\u00bb24px\u00bb header_2_font_size_last_edited=\u00bbon|phone\u00bb border_color_all=\u00bb#f3f1f2&#8243; locked=\u00bboff\u00bb]<\/p>\n<h3>ADVALOREM ADVOCATS<\/h3>\n<p style=\"text-align: left;\">Defensa Integral de V\u00edctimas<\/p>\n<p>[\/et_pb_text][et_pb_text _builder_version=\u00bb4.4.3&#8243; text_font=\u00bbWork Sans|600|||||||\u00bb text_line_height=\u00bb2em\u00bb header_font=\u00bb||||||||\u00bb header_2_font=\u00bbSuranna|||on|||||\u00bb header_2_font_size=\u00bb3vw\u00bb header_2_line_height=\u00bb1.2em\u00bb header_3_font=\u00bbRaleway|700|||||||\u00bb header_3_font_size=\u00bb12px\u00bb header_3_letter_spacing=\u00bb1.5px\u00bb header_3_line_height=\u00bb2em\u00bb header_4_font=\u00bb||||||||\u00bb custom_margin=\u00bb4px||2px||false|false\u00bb header_2_font_size_tablet=\u00bb5vw\u00bb header_2_font_size_phone=\u00bb24px\u00bb header_2_font_size_last_edited=\u00bbon|phone\u00bb border_color_all=\u00bb#f3f1f2&#8243; locked=\u00bboff\u00bb]<\/p>\n<h3><i class=\"fa fa-envelope\" aria-hidden=\"true\"><\/i><a href=\"mailto:granollers@advaloremadvocats.cat\">granollers@advaloremadvocats.cat<\/a><\/h3>\n<p>[\/et_pb_text][et_pb_text _builder_version=\u00bb4.4.5&#8243; text_font=\u00bbWork Sans|600|||||||\u00bb text_line_height=\u00bb2em\u00bb header_font=\u00bb||||||||\u00bb header_2_font=\u00bbSuranna|||on|||||\u00bb header_2_font_size=\u00bb3vw\u00bb header_2_line_height=\u00bb1.2em\u00bb header_3_font=\u00bbRaleway|700||on|||||\u00bb header_3_font_size=\u00bb12px\u00bb header_3_letter_spacing=\u00bb1.5px\u00bb header_3_line_height=\u00bb2em\u00bb header_4_font=\u00bb||||||||\u00bb custom_margin=\u00bb||2px|||\u00bb header_2_font_size_tablet=\u00bb5vw\u00bb header_2_font_size_phone=\u00bb24px\u00bb header_2_font_size_last_edited=\u00bbon|phone\u00bb border_color_all=\u00bb#f3f1f2&#8243; locked=\u00bboff\u00bb]<\/p>\n<h3><i class=\"fa fa-phone\" aria-hidden=\"true\"><\/i><a href=\"tel:931352194\">93 135 21 94<\/a><\/h3>\n<p>[\/et_pb_text][et_pb_text _builder_version=\u00bb4.4.5&#8243; text_font=\u00bbWork Sans|600|||||||\u00bb text_line_height=\u00bb2em\u00bb header_font=\u00bb||||||||\u00bb header_2_font=\u00bbSuranna|||on|||||\u00bb header_2_font_size=\u00bb3vw\u00bb header_2_line_height=\u00bb1.2em\u00bb header_3_font=\u00bbRaleway|700||on|||||\u00bb header_3_font_size=\u00bb12px\u00bb header_3_letter_spacing=\u00bb1.5px\u00bb header_3_line_height=\u00bb2em\u00bb header_4_font=\u00bb||||||||\u00bb custom_margin=\u00bb||2px|||\u00bb header_2_font_size_tablet=\u00bb5vw\u00bb header_2_font_size_phone=\u00bb24px\u00bb header_2_font_size_last_edited=\u00bbon|phone\u00bb border_color_all=\u00bb#f3f1f2&#8243; locked=\u00bboff\u00bb]<\/p>\n<h3><i class=\"fa fa-whatsapp\" aria-hidden=\"true\"><\/i><a href=\"https:\/\/wa.me\/34600038407\" data-wplink-edit=\"true\">60 003 84 07<\/a><\/h3>\n<p>[\/et_pb_text][et_pb_text _builder_version=\u00bb4.4.1&#8243; text_font=\u00bbWork Sans|600|||||||\u00bb text_line_height=\u00bb2em\u00bb header_font=\u00bb||||||||\u00bb header_2_font=\u00bbSuranna|||on|||||\u00bb header_2_font_size=\u00bb3vw\u00bb header_2_line_height=\u00bb1.2em\u00bb header_3_font=\u00bbRaleway|700||on|||||\u00bb header_3_font_size=\u00bb12px\u00bb header_3_letter_spacing=\u00bb1.5px\u00bb header_3_line_height=\u00bb2em\u00bb header_4_font=\u00bb||||||||\u00bb header_2_font_size_tablet=\u00bb5vw\u00bb header_2_font_size_phone=\u00bb24px\u00bb header_2_font_size_last_edited=\u00bbon|phone\u00bb border_color_all=\u00bb#f3f1f2&#8243; locked=\u00bboff\u00bb]<\/p>\n<h3><i class=\"fa fa-map-marker\" aria-hidden=\"true\"><\/i>C\/Barcelona, 21 &#8211; 08401 granollers<\/h3>\n<p>[\/et_pb_text][et_pb_code raw_content_phone=\u00bb%91leaflet-map lat=41.607242 lng=2.287025 zoom=18 height=400px%93<br \/>\n%91leaflet-marker lat=41.607242 lng=2.287025%93&#8243; raw_content_last_edited=\u00bboff|desktop\u00bb _builder_version=\u00bb4.4.3&#8243; min_height=\u00bb250px\u00bb border_width_all=\u00bb1px\u00bb border_color_all=\u00bb#db4814&#8243;]<div class=\"leaflet-map WPLeafletMap\" style=\"height:250px; width:100%;\"><\/div><script>\nwindow.WPLeafletMapPlugin = window.WPLeafletMapPlugin || [];\nwindow.WPLeafletMapPlugin.push(function WPLeafletMapShortcode() {\/*<script>*\/\nvar baseUrl = atob('aHR0cHM6Ly97c30udGlsZS5vcGVuc3RyZWV0bWFwLm9yZy97en0ve3h9L3t5fS5wbmc=');\nvar base = (!baseUrl && window.MQ) ?\n    window.MQ.mapLayer() : L.tileLayer(baseUrl,\n        L.Util.extend({}, {\n            detectRetina: 0,\n        },\n        {\"subdomains\":\"abc\",\"noWrap\":false,\"maxZoom\":20}        )\n    );\n    var options = L.Util.extend({}, {\n        layers: [base],\n        attributionControl: false\n    },\n    {\"zoomControl\":false,\"scrollWheelZoom\":false,\"doubleClickZoom\":false,\"fitBounds\":false,\"minZoom\":0,\"maxZoom\":20,\"maxBounds\":null,\"attribution\":\"<a href=\\\"http:\\\/\\\/leafletjs.com\\\" title=\\\"Una biblioteca JS para mapas interactivos\\\">Leaflet<\\\/a>; \\\\r\\\\n\\u00a9 <a href=\\\"http:\\\/\\\/www.openstreetmap.org\\\/copyright\\\">OpenStreetMap<\\\/a> colaboradores\"},\n    {});\nwindow.WPLeafletMapPlugin.createMap(options).setView([41.607242,2.287025],18);});<\/script><!-- [et_pb_line_break_holder] --><script>\nwindow.WPLeafletMapPlugin = window.WPLeafletMapPlugin || [];\nwindow.WPLeafletMapPlugin.push(function WPLeafletMarkerShortcode() {\/*<script>*\/\nvar map = window.WPLeafletMapPlugin.getCurrentMap();\nvar group = window.WPLeafletMapPlugin.getCurrentGroup();\nvar marker_options = window.WPLeafletMapPlugin.getIconOptions({});\nvar marker = L.marker(\n    [41.607242,2.287025],\n    marker_options\n);\nvar is_image = map.is_image_map;\nif (marker_options.draggable) {\n    marker.on('dragend', function () {\n        var latlng = this.getLatLng();\n        var lat = latlng.lat;\n        var lng = latlng.lng;\n        if (is_image) {\n            console.log('leaflet-marker y=' + lat + ' x=' + lng);\n        } else {\n            console.log('leaflet-marker lat=' + lat + ' lng=' + lng);\n        }\n    });\n}\nmarker.addTo( group );\nwindow.WPLeafletMapPlugin.markers.push( marker );\n        });<\/script>[\/et_pb_code][\/et_pb_column][et_pb_column type=\u00bb1_2&#8243; _builder_version=\u00bb3.25&#8243; custom_padding=\u00bb|||\u00bb custom_padding__hover=\u00bb|||\u00bb][et_pb_contact_form email=\u00bbgranollers@advaloremadvocats.cat\u00bb custom_message=\u00bbNombre: %%Name%%||et_pb_line_break_holder||Email: %%Email%%||et_pb_line_break_holder||Comunicaciones comerciales: %%com-comercial%%||et_pb_line_break_holder||Mensaje:||et_pb_line_break_holder||%%Message%%||et_pb_line_break_holder||________________||et_pb_line_break_holder||Enviado desde el formulario de contacto de advaloremadvocats.cat\u00bb use_redirect=\u00bbon\u00bb redirect_url=\u00bbhttps:\/\/www.advaloremadvocats.cat\/es\/gracias-por-contactar\/\u00bb success_message=\u00bbGracias por contactar con nosotros. En breve atenderemos su consulta\u00bb submit_button_text=\u00bbEnviar\u00bb module_id=\u00bbet_pb_contact_form_0&#8243; _builder_version=\u00bb4.4.7&#8243; form_field_background_color=\u00bbrgba(0,0,0,0)\u00bb form_field_text_color=\u00bbrgba(49,53,64,0.42)\u00bb form_field_font=\u00bbWork Sans|600||on|||||\u00bb form_field_font_size=\u00bb12px\u00bb form_field_letter_spacing=\u00bb1.5px\u00bb custom_button=\u00bbon\u00bb button_text_size=\u00bb14px\u00bb button_text_color=\u00bb#ffffff\u00bb button_bg_color=\u00bb#db4814&#8243; button_border_width=\u00bb16px\u00bb button_border_color=\u00bbrgba(0,0,0,0)\u00bb button_border_radius=\u00bb0px\u00bb button_letter_spacing=\u00bb1px\u00bb button_font=\u00bbWork Sans|600|||||||\u00bb button_use_icon=\u00bboff\u00bb custom_margin=\u00bb20px||||false|false\u00bb custom_padding=\u00bb|||||true\u00bb border_color_all=\u00bb#db4814&#8243; border_width_bottom=\u00bb1px\u00bb form_background_color=\u00bbrgba(0,0,0,0)\u00bb locked=\u00bboff\u00bb button_bg_color__hover_enabled=\u00bbon|hover\u00bb button_bg_color__hover=\u00bb#db4814&#8243; button_bg_enable_color__hover=\u00bbon\u00bb][et_pb_contact_field field_id=\u00bbName\u00bb field_title=\u00bbNombre\u00bb fullwidth_field=\u00bbon\u00bb _builder_version=\u00bb4.4.1&#8243; custom_margin=\u00bb|||||false\u00bb custom_padding=\u00bb|||||false\u00bb button_text_size__hover_enabled=\u00bboff\u00bb button_one_text_size__hover_enabled=\u00bboff\u00bb button_two_text_size__hover_enabled=\u00bboff\u00bb button_text_color__hover_enabled=\u00bboff\u00bb button_one_text_color__hover_enabled=\u00bboff\u00bb button_two_text_color__hover_enabled=\u00bboff\u00bb button_border_width__hover_enabled=\u00bboff\u00bb button_one_border_width__hover_enabled=\u00bboff\u00bb button_two_border_width__hover_enabled=\u00bboff\u00bb button_border_color__hover_enabled=\u00bboff\u00bb button_one_border_color__hover_enabled=\u00bboff\u00bb button_two_border_color__hover_enabled=\u00bboff\u00bb button_border_radius__hover_enabled=\u00bboff\u00bb button_one_border_radius__hover_enabled=\u00bboff\u00bb button_two_border_radius__hover_enabled=\u00bboff\u00bb button_letter_spacing__hover_enabled=\u00bboff\u00bb button_one_letter_spacing__hover_enabled=\u00bboff\u00bb button_two_letter_spacing__hover_enabled=\u00bboff\u00bb button_bg_color__hover_enabled=\u00bboff\u00bb button_one_bg_color__hover_enabled=\u00bboff\u00bb button_two_bg_color__hover_enabled=\u00bboff\u00bb][\/et_pb_contact_field][et_pb_contact_field field_id=\u00bbEmail\u00bb field_title=\u00bbEmail\u00bb field_type=\u00bbemail\u00bb fullwidth_field=\u00bbon\u00bb _builder_version=\u00bb4.4.1&#8243; custom_margin=\u00bb||\u00bb button_text_size__hover_enabled=\u00bboff\u00bb button_one_text_size__hover_enabled=\u00bboff\u00bb button_two_text_size__hover_enabled=\u00bboff\u00bb button_text_color__hover_enabled=\u00bboff\u00bb button_one_text_color__hover_enabled=\u00bboff\u00bb button_two_text_color__hover_enabled=\u00bboff\u00bb button_border_width__hover_enabled=\u00bboff\u00bb button_one_border_width__hover_enabled=\u00bboff\u00bb button_two_border_width__hover_enabled=\u00bboff\u00bb button_border_color__hover_enabled=\u00bboff\u00bb button_one_border_color__hover_enabled=\u00bboff\u00bb button_two_border_color__hover_enabled=\u00bboff\u00bb button_border_radius__hover_enabled=\u00bboff\u00bb button_one_border_radius__hover_enabled=\u00bboff\u00bb button_two_border_radius__hover_enabled=\u00bboff\u00bb button_letter_spacing__hover_enabled=\u00bboff\u00bb button_one_letter_spacing__hover_enabled=\u00bboff\u00bb button_two_letter_spacing__hover_enabled=\u00bboff\u00bb button_bg_color__hover_enabled=\u00bboff\u00bb button_one_bg_color__hover_enabled=\u00bboff\u00bb button_two_bg_color__hover_enabled=\u00bboff\u00bb][\/et_pb_contact_field][et_pb_contact_field field_id=\u00bbMessage\u00bb field_title=\u00bbMensaje\u00bb field_type=\u00bbtext\u00bb fullwidth_field=\u00bbon\u00bb _builder_version=\u00bb4.4.1&#8243; custom_margin=\u00bb||40px\u00bb button_text_size__hover_enabled=\u00bboff\u00bb button_one_text_size__hover_enabled=\u00bboff\u00bb button_two_text_size__hover_enabled=\u00bboff\u00bb button_text_color__hover_enabled=\u00bboff\u00bb button_one_text_color__hover_enabled=\u00bboff\u00bb button_two_text_color__hover_enabled=\u00bboff\u00bb button_border_width__hover_enabled=\u00bboff\u00bb button_one_border_width__hover_enabled=\u00bboff\u00bb button_two_border_width__hover_enabled=\u00bboff\u00bb button_border_color__hover_enabled=\u00bboff\u00bb button_one_border_color__hover_enabled=\u00bboff\u00bb button_two_border_color__hover_enabled=\u00bboff\u00bb button_border_radius__hover_enabled=\u00bboff\u00bb button_one_border_radius__hover_enabled=\u00bboff\u00bb button_two_border_radius__hover_enabled=\u00bboff\u00bb button_letter_spacing__hover_enabled=\u00bboff\u00bb button_one_letter_spacing__hover_enabled=\u00bboff\u00bb button_two_letter_spacing__hover_enabled=\u00bboff\u00bb button_bg_color__hover_enabled=\u00bboff\u00bb button_one_bg_color__hover_enabled=\u00bboff\u00bb button_two_bg_color__hover_enabled=\u00bboff\u00bb][\/et_pb_contact_field][et_pb_contact_field field_id=\u00bbpolitica-privacidad\u00bb field_title=\u00bbPol\u00edtica de privacidad\u00bb field_type=\u00bbcheckbox\u00bb checkbox_options=\u00bb%91{%22value%22:%22He leido, comprendo y acepto la %22,%22checked%22:0,%22dragID%22:-1,%22link_url%22:%22\/politica-de-privacitat-i-cookies\/%22,%22link_text%22:%22pol\u00edtica de privacidad%22}%93&#8243; fullwidth_field=\u00bbon\u00bb _builder_version=\u00bb4.4.1&#8243;][\/et_pb_contact_field][et_pb_contact_field field_id=\u00bbcom-comercial\u00bb field_title=\u00bbComunicaciones comerciales\u00bb field_type=\u00bbcheckbox\u00bb checkbox_options=\u00bb%91{%22value%22:%22Acepto recibir comunicados comerciales para estar al dia de nuestos servicios%22,%22checked%22:0,%22dragID%22:-1}%93&#8243; required_mark=\u00bboff\u00bb fullwidth_field=\u00bbon\u00bb _builder_version=\u00bb4.4.1&#8243;][\/et_pb_contact_field][\/et_pb_contact_form][\/et_pb_column][\/et_pb_row][\/et_pb_section][et_pb_section fb_built=\u00bb1&#8243; _builder_version=\u00bb4.4.7&#8243;][\/et_pb_section]<\/p>\n","protected":false},"excerpt":{"rendered":"<p>[et_pb_section fb_built=\u00bb1&#8243; fullwidth=\u00bbon\u00bb module_id=\u00bbheader-title\u00bb _builder_version=\u00bb4.4.3&#8243;][et_pb_fullwidth_header text_orientation=\u00bbcenter\u00bb admin_label=\u00bbT\u00edtulo de anchura completa\u00bb _builder_version=\u00bb4.4.3&#8243; title_font=\u00bbRaleway|200||on|||||\u00bb title_text_align=\u00bbleft\u00bb title_text_color=\u00bb#1e1e1e\u00bb title_font_size=\u00bb50px\u00bb title_line_height=\u00bb1.2em\u00bb background_enable_color=\u00bboff\u00bb background_image=\u00bbhttps:\/\/advaloremadvocats.cat\/wp-content\/uploads\/2020\/04\/Slide4.jpg\u00bb parallax=\u00bbon\u00bb parallax_method=\u00bbon\u00bb] Quienes somos [\/et_pb_fullwidth_header][\/et_pb_section][et_pb_section fb_built=\u00bb1&#8243; _builder_version=\u00bb4.4.3&#8243; background_color=\u00bb#f3f1f2&#8243;][et_pb_row column_structure=\u00bb2_5,3_5&#8243; make_equal=\u00bbon\u00bb admin_label=\u00bbISABEL MARIA MARTIN SANTOLARIA\u00bb _builder_version=\u00bb4.4.3&#8243;][et_pb_column type=\u00bb2_5&#8243; _builder_version=\u00bb4.4.3&#8243;][et_pb_divider color=\u00bb#d94144&#8243; disabled_on=\u00bbon|on|off\u00bb _builder_version=\u00bb4.4.3&#8243; height=\u00bb0px\u00bb custom_margin=\u00bb10px||0px||false|false\u00bb locked=\u00bboff\u00bb][\/et_pb_divider][et_pb_image src=\u00bbhttps:\/\/www.advaloremadvocats.cat\/wp-content\/uploads\/2025\/05\/1-1.jpg\u00bb title_text=\u00bb1&#8243; align=\u00bbcenter\u00bb _builder_version=\u00bb4.4.7&#8243; width=\u00bb250px\u00bb max_width=\u00bb250px\u00bb hover_enabled=\u00bb0&#8243;][\/et_pb_image][\/et_pb_column][et_pb_column type=\u00bb3_5&#8243; _builder_version=\u00bb4.4.3&#8243; custom_css_main_element=\u00bbalign-self:center;\u00bb][et_pb_text admin_label=\u00bbDescripci\u00f3n\u00bb _builder_version=\u00bb4.4.7&#8243; header_2_font=\u00bbWork Sans|200|||||||\u00bb [&hellip;]<\/p>\n","protected":false},"author":3,"featured_media":0,"parent":0,"menu_order":0,"comment_status":"closed","ping_status":"closed","template":"","meta":{"_et_pb_use_builder":"on","_et_pb_old_content":"","_et_gb_content_width":"","footnotes":""},"_links":{"self":[{"href":"https:\/\/www.advaloremadvocats.cat\/es\/wp-json\/wp\/v2\/pages\/68"}],"collection":[{"href":"https:\/\/www.advaloremadvocats.cat\/es\/wp-json\/wp\/v2\/pages"}],"about":[{"href":"https:\/\/www.advaloremadvocats.cat\/es\/wp-json\/wp\/v2\/types\/page"}],"author":[{"embeddable":true,"href":"https:\/\/www.advaloremadvocats.cat\/es\/wp-json\/wp\/v2\/users\/3"}],"replies":[{"embeddable":true,"href":"https:\/\/www.advaloremadvocats.cat\/es\/wp-json\/wp\/v2\/comments?post=68"}],"version-history":[{"count":77,"href":"https:\/\/www.advaloremadvocats.cat\/es\/wp-json\/wp\/v2\/pages\/68\/revisions"}],"predecessor-version":[{"id":2565,"href":"https:\/\/www.advaloremadvocats.cat\/es\/wp-json\/wp\/v2\/pages\/68\/revisions\/2565"}],"wp:attachment":[{"href":"https:\/\/www.advaloremadvocats.cat\/es\/wp-json\/wp\/v2\/media?parent=68"}],"curies":[{"name":"wp","href":"https:\/\/api.w.org\/{rel}","templated":true}]}}